{"id":2433,"date":"2026-06-15T10:53:55","date_gmt":"2026-06-15T10:53:55","guid":{"rendered":"https:\/\/hannebang.w6.pixact.dk\/vare\/fransfaerg-svart\/"},"modified":"2026-06-15T10:53:55","modified_gmt":"2026-06-15T10:53:55","slug":"fransfaerg-svart","status":"publish","type":"product","link":"https:\/\/hannebang.w6.pixact.dk\/sv\/vare\/fransfaerg-svart\/","title":{"rendered":"Fransf\u00e4rg &#8211; svart"},"content":{"rendered":"<p>F\u00e4rgning med Hanne Bangs fransf\u00e4rg ers\u00e4tter mascara och ger dina fransar en djup och intensiv f\u00e4rg som aldrig smular av.<\/p>\n<p>Setet inneh\u00e5ller allt du beh\u00f6ver f\u00f6r att sj\u00e4lv f\u00e4rga dina fransar p\u00e5 ett enkelt och snabbt s\u00e4tt.<br \/>\nF\u00e4rgningen sker i tv\u00e5 steg: F\u00f6rst appliceras f\u00e4rgen (ska verka i 3 minuter), d\u00e4refter appliceras den speciella aktiverings-gelen (ska verka i 1 minut) \u2013 och f\u00e4rgningen \u00e4r klar.<\/p>\n<p>F\u00f6rpackningen r\u00e4cker till 12 f\u00e4rgningar och finns i nyanserna M\u00f6rkbrun och Svart.<\/p>\n<p><em><strong>Inneh\u00e5ll: <\/strong><\/em>Tube med \u201dCreamColor Gel\u201d 5 ml., tube med \u201dActivator Gel\u201d 5 ml, mascaraborste, applikator och skyddspapper.<\/p>\n<p><strong>OBS!<\/strong> Om du tidigare har anv\u00e4nt Hanne Bang \u201dVippefarve\u201d ska du vara uppm\u00e4rksam p\u00e5 att bruksanvisningen har \u00e4ndrats (pkt. 2 och 3).<\/p>\n<div class=\"row\">\n<div class=\"smaller-6 large-6 columns prodinfo\">\n<div class=\"description\">\n<div id=\"comp-klkp0pw6\" class=\"_1Z_nJ\" data-testid=\"richTextElement\">\n<p class=\"font_7\">1. Applicera \u201cCreamColor\u201d och l\u00e5t den sitta p\u00e5 fransarna i 1\u20132 minuter.<br \/>\n2. Ta bort all f\u00e4rg fr\u00e5n fransarna s\u00e5 att de l\u00e4mnas helt rena och torra.<br \/>\n3. V\u00e4nta n\u00e5gra minuter innan applicering av \u201dActivator Gel\u201d, s\u00e5 att fransarna f\u00e5r torka helt.<br \/>\n4. Applicera \u201dActivator Gel\u201d och l\u00e5t den sitta p\u00e5 fransarna i 1 minut.<br \/>\n5. Ta bort \u00f6verskott av gel och torka till sist fransarna med en fuktig bomullsrondell.<\/p>\n<p class=\"font_7\">F\u00e4rgen i \u201cCreamColor\u201d (Nr.1) har ocks\u00e5 \u00e4ndrats och framst\u00e5r nu ljusbrun, d\u00e4r den tidigare var svart. Detta p\u00e5verkar dock inte f\u00e4rgresultatet.<\/p>\n<\/div>\n<\/div>\n<\/div>\n<\/div>\n<div class=\"row productactions\">\n<div class=\"small-10 columns actionnav\"><\/div>\n<\/div>\n","protected":false},"excerpt":{"rendered":"<p>F\u00e4rgning med Hanne Bangs fransf\u00e4rg ers\u00e4tter mascara och ger dina fransar en djup och intensiv f\u00e4rg som aldrig smular av. Setet inneh\u00e5ller allt du beh\u00f6ver f\u00f6r att sj\u00e4lv f\u00e4rga dina fransar p\u00e5 ett enkelt och snabbt s\u00e4tt. F\u00e4rgningen sker i tv\u00e5 steg: F\u00f6rst appliceras f\u00e4rgen (ska verka i 3 minuter), d\u00e4refter appliceras den speciella aktiverings-gelen<\/p>\n<div class=\"klb-readmore entry-button\"><a class=\"button light alt medium\" href=\"https:\/\/hannebang.w6.pixact.dk\/sv\/vare\/fransfaerg-svart\/\">Read More<\/a><\/div>\n","protected":false},"featured_media":2434,"comment_status":"closed","ping_status":"closed","template":"","meta":{"_monsterinsights_skip_tracking":false},"product_brand":[],"product_cat":[124],"product_tag":[],"class_list":["post-2433","product","type-product","status-publish","has-post-thumbnail","product_cat-bryn-fransar","first","instock","shipping-taxable","purchasable","product-type-simple"],"yoast_head":"<!-- This site is optimized with the Yoast SEO plugin v27.8 - https:\/\/yoast.com\/product\/yoast-seo-wordpress\/ -->\n<title>Fransf\u00e4rg - svart - Hanne Bang<\/title>\n<meta name=\"robots\" content=\"index, follow, max-snippet:-1, max-image-preview:large, max-video-preview:-1\" \/>\n<link rel=\"canonical\" href=\"https:\/\/hannebang.w6.pixact.dk\/sv\/vare\/fransfaerg-svart\/\" \/>\n<meta property=\"og:locale\" content=\"sv_SE\" \/>\n<meta property=\"og:type\" content=\"article\" \/>\n<meta property=\"og:title\" content=\"Fransf\u00e4rg - svart - Hanne Bang\" \/>\n<meta property=\"og:description\" content=\"F\u00e4rgning med Hanne Bangs fransf\u00e4rg ers\u00e4tter mascara och ger dina fransar en djup och intensiv f\u00e4rg som aldrig smular av. Setet inneh\u00e5ller allt du beh\u00f6ver f\u00f6r att sj\u00e4lv f\u00e4rga dina fransar p\u00e5 ett enkelt och snabbt s\u00e4tt. F\u00e4rgningen sker i tv\u00e5 steg: F\u00f6rst appliceras f\u00e4rgen (ska verka i 3 minuter), d\u00e4refter appliceras den speciella aktiverings-gelenRead More\" \/>\n<meta property=\"og:url\" content=\"https:\/\/hannebang.w6.pixact.dk\/sv\/vare\/fransfaerg-svart\/\" \/>\n<meta property=\"og:site_name\" content=\"Hanne Bang\" \/>\n<meta property=\"og:image\" content=\"https:\/\/hannebang.w6.pixact.dk\/wp-content\/uploads\/2026\/06\/H.B.-Fransfarg-SVART_5709794000740_web.jpg\" \/>\n\t<meta property=\"og:image:width\" content=\"1080\" \/>\n\t<meta property=\"og:image:height\" content=\"1080\" \/>\n\t<meta property=\"og:image:type\" content=\"image\/jpeg\" \/>\n<meta name=\"twitter:card\" content=\"summary_large_image\" \/>\n<meta name=\"twitter:label1\" content=\"Ber\u00e4knad l\u00e4stid\" \/>\n\t<meta name=\"twitter:data1\" content=\"1 minut\" \/>\n<script type=\"application\/ld+json\" class=\"yoast-schema-graph\">{\"@context\":\"https:\\\/\\\/schema.org\",\"@graph\":[{\"@type\":\"WebPage\",\"@id\":\"https:\\\/\\\/hannebang.w6.pixact.dk\\\/sv\\\/vare\\\/fransfaerg-svart\\\/\",\"url\":\"https:\\\/\\\/hannebang.w6.pixact.dk\\\/sv\\\/vare\\\/fransfaerg-svart\\\/\",\"name\":\"Fransf\u00e4rg - svart - Hanne Bang\",\"isPartOf\":{\"@id\":\"https:\\\/\\\/hannebang.w6.pixact.dk\\\/sv\\\/#website\"},\"primaryImageOfPage\":{\"@id\":\"https:\\\/\\\/hannebang.w6.pixact.dk\\\/sv\\\/vare\\\/fransfaerg-svart\\\/#primaryimage\"},\"image\":{\"@id\":\"https:\\\/\\\/hannebang.w6.pixact.dk\\\/sv\\\/vare\\\/fransfaerg-svart\\\/#primaryimage\"},\"thumbnailUrl\":\"https:\\\/\\\/hannebang.w6.pixact.dk\\\/wp-content\\\/uploads\\\/2026\\\/06\\\/H.B.-Fransfarg-SVART_5709794000740_web.jpg\",\"datePublished\":\"2026-06-15T10:53:55+00:00\",\"breadcrumb\":{\"@id\":\"https:\\\/\\\/hannebang.w6.pixact.dk\\\/sv\\\/vare\\\/fransfaerg-svart\\\/#breadcrumb\"},\"inLanguage\":\"sv-SE\",\"potentialAction\":[{\"@type\":\"ReadAction\",\"target\":[\"https:\\\/\\\/hannebang.w6.pixact.dk\\\/sv\\\/vare\\\/fransfaerg-svart\\\/\"]}]},{\"@type\":\"ImageObject\",\"inLanguage\":\"sv-SE\",\"@id\":\"https:\\\/\\\/hannebang.w6.pixact.dk\\\/sv\\\/vare\\\/fransfaerg-svart\\\/#primaryimage\",\"url\":\"https:\\\/\\\/hannebang.w6.pixact.dk\\\/wp-content\\\/uploads\\\/2026\\\/06\\\/H.B.-Fransfarg-SVART_5709794000740_web.jpg\",\"contentUrl\":\"https:\\\/\\\/hannebang.w6.pixact.dk\\\/wp-content\\\/uploads\\\/2026\\\/06\\\/H.B.-Fransfarg-SVART_5709794000740_web.jpg\",\"width\":1080,\"height\":1080},{\"@type\":\"BreadcrumbList\",\"@id\":\"https:\\\/\\\/hannebang.w6.pixact.dk\\\/sv\\\/vare\\\/fransfaerg-svart\\\/#breadcrumb\",\"itemListElement\":[{\"@type\":\"ListItem\",\"position\":1,\"name\":\"Hem\",\"item\":\"https:\\\/\\\/hannebang.w6.pixact.dk\\\/sv\\\/\"},{\"@type\":\"ListItem\",\"position\":2,\"name\":\"Butik\",\"item\":\"https:\\\/\\\/hannebang.w6.pixact.dk\\\/shop\\\/\"},{\"@type\":\"ListItem\",\"position\":3,\"name\":\"Fransf\u00e4rg &#8211; svart\"}]},{\"@type\":\"WebSite\",\"@id\":\"https:\\\/\\\/hannebang.w6.pixact.dk\\\/sv\\\/#website\",\"url\":\"https:\\\/\\\/hannebang.w6.pixact.dk\\\/sv\\\/\",\"name\":\"Hanne Bang\",\"description\":\"\",\"potentialAction\":[{\"@type\":\"SearchAction\",\"target\":{\"@type\":\"EntryPoint\",\"urlTemplate\":\"https:\\\/\\\/hannebang.w6.pixact.dk\\\/sv\\\/?s={search_term_string}\"},\"query-input\":{\"@type\":\"PropertyValueSpecification\",\"valueRequired\":true,\"valueName\":\"search_term_string\"}}],\"inLanguage\":\"sv-SE\"}]}<\/script>\n<!-- \/ Yoast SEO plugin. -->","yoast_head_json":{"title":"Fransf\u00e4rg - svart - Hanne Bang","robots":{"index":"index","follow":"follow","max-snippet":"max-snippet:-1","max-image-preview":"max-image-preview:large","max-video-preview":"max-video-preview:-1"},"canonical":"https:\/\/hannebang.w6.pixact.dk\/sv\/vare\/fransfaerg-svart\/","og_locale":"sv_SE","og_type":"article","og_title":"Fransf\u00e4rg - svart - Hanne Bang","og_description":"F\u00e4rgning med Hanne Bangs fransf\u00e4rg ers\u00e4tter mascara och ger dina fransar en djup och intensiv f\u00e4rg som aldrig smular av. Setet inneh\u00e5ller allt du beh\u00f6ver f\u00f6r att sj\u00e4lv f\u00e4rga dina fransar p\u00e5 ett enkelt och snabbt s\u00e4tt. F\u00e4rgningen sker i tv\u00e5 steg: F\u00f6rst appliceras f\u00e4rgen (ska verka i 3 minuter), d\u00e4refter appliceras den speciella aktiverings-gelenRead More","og_url":"https:\/\/hannebang.w6.pixact.dk\/sv\/vare\/fransfaerg-svart\/","og_site_name":"Hanne Bang","og_image":[{"width":1080,"height":1080,"url":"https:\/\/hannebang.w6.pixact.dk\/wp-content\/uploads\/2026\/06\/H.B.-Fransfarg-SVART_5709794000740_web.jpg","type":"image\/jpeg"}],"twitter_card":"summary_large_image","twitter_misc":{"Ber\u00e4knad l\u00e4stid":"1 minut"},"schema":{"@context":"https:\/\/schema.org","@graph":[{"@type":"WebPage","@id":"https:\/\/hannebang.w6.pixact.dk\/sv\/vare\/fransfaerg-svart\/","url":"https:\/\/hannebang.w6.pixact.dk\/sv\/vare\/fransfaerg-svart\/","name":"Fransf\u00e4rg - svart - Hanne Bang","isPartOf":{"@id":"https:\/\/hannebang.w6.pixact.dk\/sv\/#website"},"primaryImageOfPage":{"@id":"https:\/\/hannebang.w6.pixact.dk\/sv\/vare\/fransfaerg-svart\/#primaryimage"},"image":{"@id":"https:\/\/hannebang.w6.pixact.dk\/sv\/vare\/fransfaerg-svart\/#primaryimage"},"thumbnailUrl":"https:\/\/hannebang.w6.pixact.dk\/wp-content\/uploads\/2026\/06\/H.B.-Fransfarg-SVART_5709794000740_web.jpg","datePublished":"2026-06-15T10:53:55+00:00","breadcrumb":{"@id":"https:\/\/hannebang.w6.pixact.dk\/sv\/vare\/fransfaerg-svart\/#breadcrumb"},"inLanguage":"sv-SE","potentialAction":[{"@type":"ReadAction","target":["https:\/\/hannebang.w6.pixact.dk\/sv\/vare\/fransfaerg-svart\/"]}]},{"@type":"ImageObject","inLanguage":"sv-SE","@id":"https:\/\/hannebang.w6.pixact.dk\/sv\/vare\/fransfaerg-svart\/#primaryimage","url":"https:\/\/hannebang.w6.pixact.dk\/wp-content\/uploads\/2026\/06\/H.B.-Fransfarg-SVART_5709794000740_web.jpg","contentUrl":"https:\/\/hannebang.w6.pixact.dk\/wp-content\/uploads\/2026\/06\/H.B.-Fransfarg-SVART_5709794000740_web.jpg","width":1080,"height":1080},{"@type":"BreadcrumbList","@id":"https:\/\/hannebang.w6.pixact.dk\/sv\/vare\/fransfaerg-svart\/#breadcrumb","itemListElement":[{"@type":"ListItem","position":1,"name":"Hem","item":"https:\/\/hannebang.w6.pixact.dk\/sv\/"},{"@type":"ListItem","position":2,"name":"Butik","item":"https:\/\/hannebang.w6.pixact.dk\/shop\/"},{"@type":"ListItem","position":3,"name":"Fransf\u00e4rg &#8211; svart"}]},{"@type":"WebSite","@id":"https:\/\/hannebang.w6.pixact.dk\/sv\/#website","url":"https:\/\/hannebang.w6.pixact.dk\/sv\/","name":"Hanne Bang","description":"","potentialAction":[{"@type":"SearchAction","target":{"@type":"EntryPoint","urlTemplate":"https:\/\/hannebang.w6.pixact.dk\/sv\/?s={search_term_string}"},"query-input":{"@type":"PropertyValueSpecification","valueRequired":true,"valueName":"search_term_string"}}],"inLanguage":"sv-SE"}]}},"_links":{"self":[{"href":"https:\/\/hannebang.w6.pixact.dk\/sv\/wp-json\/wp\/v2\/product\/2433","targetHints":{"allow":["GET"]}}],"collection":[{"href":"https:\/\/hannebang.w6.pixact.dk\/sv\/wp-json\/wp\/v2\/product"}],"about":[{"href":"https:\/\/hannebang.w6.pixact.dk\/sv\/wp-json\/wp\/v2\/types\/product"}],"replies":[{"embeddable":true,"href":"https:\/\/hannebang.w6.pixact.dk\/sv\/wp-json\/wp\/v2\/comments?post=2433"}],"wp:featuredmedia":[{"embeddable":true,"href":"https:\/\/hannebang.w6.pixact.dk\/sv\/wp-json\/wp\/v2\/media\/2434"}],"wp:attachment":[{"href":"https:\/\/hannebang.w6.pixact.dk\/sv\/wp-json\/wp\/v2\/media?parent=2433"}],"wp:term":[{"taxonomy":"product_brand","embeddable":true,"href":"https:\/\/hannebang.w6.pixact.dk\/sv\/wp-json\/wp\/v2\/product_brand?post=2433"},{"taxonomy":"product_cat","embeddable":true,"href":"https:\/\/hannebang.w6.pixact.dk\/sv\/wp-json\/wp\/v2\/product_cat?post=2433"},{"taxonomy":"product_tag","embeddable":true,"href":"https:\/\/hannebang.w6.pixact.dk\/sv\/wp-json\/wp\/v2\/product_tag?post=2433"}],"curies":[{"name":"wp","href":"https:\/\/api.w.org\/{rel}","templated":true}]}}